 {"id":588,"date":"2018-07-27T08:02:00","date_gmt":"2018-07-27T08:02:00","guid":{"rendered":"http:\/\/seafood-company.themerex.net\/?page_id=588"},"modified":"2021-04-15T10:27:10","modified_gmt":"2021-04-15T08:27:10","slug":"privacy-policy","status":"publish","type":"page","link":"https:\/\/www.gustovivoreale.it\/es\/privacy-policy\/","title":{"rendered":"Privacy policy"},"content":{"rendered":"<div class=\"wpb-content-wrapper\"><p>[vc_row hide_bg_image_on_tablet=&#8221;&#8221; hide_bg_image_on_mobile=&#8221;&#8221; css=&#8221;.vc_custom_1616149545929{padding-top: 35px !important;padding-bottom: 35px !important;}&#8221;][vc_column icons_position=&#8221;left&#8221;][vc_column_text]<\/p>\n<div class=\"entry-content single-entry-content\">\n<p>Esta declaraci\u00f3n de privacidad se elabora sobre la base de m\u00faltiples sistemas legislativos, incluidos los art\u00edculos.\u00a013 y 14 del Reglamento (UE) 2016\/679.<\/p>\n<h3 class=\"western\"><strong>CONTROLADOR DE DATOS<\/strong><\/h3>\n<p>QUATTRO G SRL &#8211; IVA: IT01208390433<\/p>\n<p>&nbsp;<\/p>\n<h3 class=\"western\"><strong>PROCESADOR DE DATOS Y LUGAR DE ALMACENAMIENTO DE DATOS<\/strong><\/h3>\n<p>QUATTRO G SRL &#8211; IVA: IT01208390433<\/p>\n<p>&nbsp;<\/p>\n<h3 class=\"western\">TIPOS DE DATOS RECOPILADOS<\/h3>\n<p>Entre los Datos Personales recabados por esta Aplicaci\u00f3n, ya sea de forma independiente oa trav\u00e9s de terceros, se encuentran: Cookies, Datos de uso, nombre, apellidos, tel\u00e9fono, correo electr\u00f3nico, varios tipos de Datos y sitio web.<\/p>\n<p>Los detalles completos sobre cada tipo de datos recopilados se proporcionan en las secciones dedicadas de esta pol\u00edtica de privacidad o mediante textos de informaci\u00f3n espec\u00edficos que se muestran antes de recopilar los datos.<br \/>\nLos datos personales pueden ser proporcionados libremente por el usuario o, en el caso de los datos de uso, recopilados autom\u00e1ticamente durante el uso de esta aplicaci\u00f3n.<br \/>\nA menos que se especifique lo contrario, todos los datos solicitados por esta aplicaci\u00f3n son obligatorios. Si el Usuario se niega a comunicarlos, es posible que esta Aplicaci\u00f3n no pueda proporcionar el Servicio. En los casos en que esta Aplicaci\u00f3n indique algunos Datos como opcionales, los Usuarios son libres de abstenerse de comunicar dichos Datos, sin que esto tenga ninguna consecuencia sobre la disponibilidad del Servicio o sobre su funcionamiento.<br \/>\nSe anima a los usuarios que tengan dudas sobre qu\u00e9 datos son obligatorios a que se pongan en contacto con el titular.<br \/>\nCualquier uso de cookies, o de otras herramientas de seguimiento, por esta Aplicaci\u00f3n o por los propietarios de servicios de terceros utilizados por esta Aplicaci\u00f3n, a menos que se especifique lo contrario, tiene como objetivo proporcionar el Servicio solicitado por el Usuario, adem\u00e1s de los prop\u00f3sitos adicionales descritos en este documento y en la Pol\u00edtica de cookies, si est\u00e1 disponible.<\/p>\n<p>El Usuario asume la responsabilidad de los Datos Personales de terceros obtenidos, publicados o compartidos a trav\u00e9s de esta Aplicaci\u00f3n y garantiza tener derecho a comunicarlos o difundirlos, liberando al Titular de cualquier responsabilidad frente a terceros.<\/p>\n<h3><\/h3>\n<h3 class=\"western\">M\u00c9TODO Y LUGAR DE PROCESAMIENTO DE LOS DATOS RECOPILADOS<\/h3>\n<h3 class=\"western\">M\u00c9TODOS DE PROCESAMIENTO<\/h3>\n<p>El controlador de datos adopta las medidas de seguridad adecuadas para evitar el acceso no autorizado, la divulgaci\u00f3n, la modificaci\u00f3n o la destrucci\u00f3n de los datos personales.<br \/>\nEl tratamiento se realiza mediante herramientas inform\u00e1ticas y \/ o telem\u00e1ticas, con m\u00e9todos organizativos y con l\u00f3gica estrictamente relacionada con las finalidades indicadas.\u00a0Adem\u00e1s del Controlador de datos, en algunos casos, otros sujetos involucrados en la organizaci\u00f3n de esta Aplicaci\u00f3n (administrativos, comerciales, de marketing, legales, administradores de sistemas) o sujetos externos (como proveedores de servicios t\u00e9cnicos de terceros, mensajer\u00eda postal) pueden tener acceso a los Datos, proveedores de alojamiento, empresas de TI, agencias de comunicaci\u00f3n) tambi\u00e9n designados, si es necesario, como Encargados del tratamiento por el Responsable del tratamiento.\u00a0La lista actualizada de administradores siempre se puede solicitar al controlador de datos.<\/p>\n<h3 class=\"western\">BASE JUR\u00cdDICA DEL TRATAMIENTO<\/h3>\n<p>El controlador de datos procesa los datos personales relacionados con el usuario si existe una de las siguientes condiciones:<\/p>\n<ul>\n<li>el Usuario ha dado su consentimiento para uno o m\u00e1s prop\u00f3sitos espec\u00edficos;\u00a0Nota: en algunas jurisdicciones, el controlador de datos puede estar autorizado para procesar datos personales sin el consentimiento del usuario u otra de las bases legales especificadas a continuaci\u00f3n, siempre que el usuario no se oponga (&#8220;optar por no participar&#8221;) a dicho tratamiento.\u00a0Sin embargo, esto no es aplicable si el procesamiento de Datos Personales se rige por la legislaci\u00f3n europea sobre protecci\u00f3n de Datos Personales;<\/li>\n<li>el procesamiento es necesario para la ejecuci\u00f3n de un contrato con el Usuario y \/ o para la ejecuci\u00f3n de medidas precontractuales;<\/li>\n<li>el procesamiento es necesario para cumplir con una obligaci\u00f3n legal a la que est\u00e1 sujeto el controlador de datos;<\/li>\n<li>el procesamiento es necesario para la ejecuci\u00f3n de una tarea de inter\u00e9s p\u00fablico o para el ejercicio de la autoridad p\u00fablica conferida al controlador de datos;<\/li>\n<li>el tratamiento es necesario para la consecuci\u00f3n del inter\u00e9s leg\u00edtimo del Responsable del tratamiento o de terceros.<\/li>\n<\/ul>\n<p>Sin embargo, siempre es posible pedir al Propietario que aclare la base jur\u00eddica concreta de cada tratamiento y, en particular, que especifique si el tratamiento se basa en la ley, est\u00e1 previsto en un contrato o es necesario para celebrar un contrato.<\/p>\n<h3 class=\"western\">SITIO<\/h3>\n<p>Los datos se procesan en las oficinas operativas del controlador de datos y en cualquier otro lugar donde se encuentren las partes involucradas en el procesamiento.\u00a0Para obtener m\u00e1s informaci\u00f3n, comun\u00edquese con el controlador de datos.<br \/>\nLos datos personales del usuario pueden transferirse a un pa\u00eds distinto de aqu\u00e9l en el que se encuentra el usuario.\u00a0Para obtener m\u00e1s informaci\u00f3n sobre el lugar de procesamiento, el Usuario puede consultar la secci\u00f3n relativa a los detalles sobre el procesamiento de Datos Personales.<\/p>\n<p>El Usuario tiene derecho a obtener informaci\u00f3n sobre la base legal para la transferencia de Datos fuera de la Uni\u00f3n Europea o hacia una organizaci\u00f3n internacional regida por el derecho internacional p\u00fablico o formada por dos o m\u00e1s pa\u00edses, como la ONU, as\u00ed como sobre la seguridad. medidas adoptadas por el controlador de datos para proteger los datos.<\/p>\n<p>Si se lleva a cabo una de las transferencias descritas anteriormente, el Usuario puede consultar las secciones respectivas de este documento o solicitar informaci\u00f3n al Controlador de datos poni\u00e9ndose en contacto con \u00e9l en los detalles indicados al principio.<\/p>\n<h3 class=\"western\">PERIODO DE RETENCI\u00d3N<\/h3>\n<p>Los datos se procesan y almacenan durante el tiempo requerido por los fines para los que fueron recopilados.<\/p>\n<p>Por lo tanto:<\/p>\n<ul>\n<li>Los datos personales recopilados para fines relacionados con la ejecuci\u00f3n de un contrato entre el propietario y el usuario se conservar\u00e1n hasta que se complete la ejecuci\u00f3n de este contrato.<\/li>\n<li>Los datos personales recopilados para fines atribuibles al inter\u00e9s leg\u00edtimo del controlador de datos se conservar\u00e1n hasta que se satisfaga este inter\u00e9s.\u00a0El usuario puede obtener m\u00e1s informaci\u00f3n sobre el inter\u00e9s leg\u00edtimo perseguido por el controlador de datos en las secciones relevantes de este documento o poni\u00e9ndose en contacto con el controlador de datos.<\/li>\n<\/ul>\n<p>Cuando el procesamiento se basa en el consentimiento del usuario, el controlador de datos puede conservar los datos personales por m\u00e1s tiempo hasta que se revoque dicho consentimiento.\u00a0Adem\u00e1s, el controlador de datos puede estar obligado a conservar los datos personales durante un per\u00edodo m\u00e1s largo en cumplimiento de una obligaci\u00f3n legal o por orden de una autoridad.<\/p>\n<p>Al final del per\u00edodo de retenci\u00f3n, se eliminar\u00e1n los datos personales.\u00a0Por tanto, transcurrido este plazo ya no podr\u00e1 ejercitarse el derecho de acceso, cancelaci\u00f3n, rectificaci\u00f3n y el derecho a la portabilidad de los datos.<\/p>\n<h3><\/h3>\n<h3 class=\"western\">FINALIDAD DEL TRATAMIENTO DE LOS DATOS RECOPILADOS<\/h3>\n<p>Los Datos del Usuario se recopilan para permitir al Titular prestar sus Servicios, as\u00ed como para los siguientes fines: Estad\u00edsticas, Interacci\u00f3n con redes y plataformas sociales externas y Contacto con el Usuario.<\/p>\n<p>Para obtener informaci\u00f3n m\u00e1s detallada sobre los prop\u00f3sitos del procesamiento y sobre los Datos Personales espec\u00edficamente relevantes para cada prop\u00f3sito, el Usuario puede consultar las secciones relevantes de este documento.<\/p>\n<h3><\/h3>\n<h3 class=\"western\">DETALLES SOBRE EL PROCESAMIENTO DE DATOS PERSONALES<\/h3>\n<p>Los datos personales se recopilan para los siguientes prop\u00f3sitos y utilizando los siguientes servicios:<\/p>\n<h4 class=\"western\">Formulario de contacto<\/h4>\n<p>Al cumplimentar el formulario de contacto con sus datos, el Usuario consiente su uso para dar respuesta a solicitudes de informaci\u00f3n, cotizaciones o cualquier otra naturaleza que indique el encabezado del formulario.<\/p>\n<p>Datos personales recopilados: apellido, correo electr\u00f3nico, nombre, n\u00famero de tel\u00e9fono, sitio web y varios tipos de datos.<\/p>\n<p>&nbsp;<\/p>\n<p>&nbsp;<\/p>\n<h3>REGISTRO Y AUTENTICACI\u00d3N<\/h3>\n<p>Al registrarse o autenticarse, el Usuario permite que la Aplicaci\u00f3n lo identifique y le d\u00e9 acceso a servicios dedicados.\u00a0Dependiendo de lo que se indica a continuaci\u00f3n, los servicios de registro y autenticaci\u00f3n podr\u00edan prestarse con la ayuda de terceros.\u00a0Si esto sucede, esta aplicaci\u00f3n podr\u00e1 acceder a algunos datos almacenados por el servicio de terceros utilizado para el registro o la identificaci\u00f3n.<\/p>\n<h3>REGISTRO DIRECTO (ESTA SOLICITUD)<\/h3>\n<p>El Usuario se registra llenando el formulario de registro y proporcionando sus Datos Personales directamente a esta Aplicaci\u00f3n.<br \/>\nDatos personales recopilados: c\u00f3digo postal, ciudad, c\u00f3digo fiscal, apellido, fecha de nacimiento, datos relacionados con el punto de venta, correo electr\u00f3nico, formaci\u00f3n acad\u00e9mica, identificaci\u00f3n de usuario, imagen, foto de perfil, direcci\u00f3n, direcci\u00f3n de facturaci\u00f3n, direcci\u00f3n de env\u00edo, idioma, pa\u00eds , nombre, n\u00famero de casa, n\u00famero de fax, nombre de la empresa, sitio web y varios tipos de datos.<\/p>\n<h3>PAGOS PROCESADOS \u200b\u200bCON PAYPAL<\/h3>\n<p>Los datos ingresados \u200b\u200bdurante la compra para proceder con el pago se env\u00edan al procesador de Paypal.<br \/>\nPara conocer la informaci\u00f3n sobre el tratamiento de datos personales gestionados por paypal\u00a0<a href=\"https:\/\/translate.google.com\/website?sl=it&amp;tl=es&amp;u=https:\/\/www.paypal.com\/it\/webapps\/mpp\/ua\/privacy-full\" target=\"_blank\" rel=\"noopener\">pincha aqu\u00ed<\/a><\/p>\n<h3 class=\"western\">ESTAD\u00cdSTICAS<\/h3>\n<p>Los servicios contenidos en esta secci\u00f3n permiten al controlador de datos monitorear y analizar los datos de tr\u00e1fico y se utilizan para realizar un seguimiento del comportamiento del usuario.<\/p>\n<h4 class=\"western\">Google Analytics (Google Inc.)<\/h4>\n<p>Google Analytics es un servicio de an\u00e1lisis web proporcionado por Google Inc. (&#8220;Google&#8221;).\u00a0Google utiliza los Datos personales recopilados con el fin de rastrear y examinar el uso de esta Aplicaci\u00f3n, compilar informes y compartirlos con otros servicios desarrollados por Google.<br \/>\nGoogle puede utilizar Datos Personales para contextualizar y personalizar los anuncios de su propia red publicitaria.<\/p>\n<p>Datos personales recopilados: cookies y datos de uso.<\/p>\n<p>Lugar de procesamiento: Estados Unidos &#8211;\u00a0<a href=\"https:\/\/translate.google.com\/website?sl=it&amp;tl=es&amp;u=https:\/\/www.google.com\/intl\/it\/policies\/privacy\/\" target=\"_blank\" rel=\"noopener noreferrer\">Pol\u00edtica de privacidad<\/a>\u00a0&#8211;\u00a0<a href=\"https:\/\/translate.google.com\/website?sl=it&amp;tl=es&amp;u=https:\/\/tools.google.com\/dlpage\/gaoptout?hl%3Dit\" target=\"_blank\" rel=\"noopener noreferrer\">Exclusi\u00f3n voluntaria<\/a>\u00a0.\u00a0Sujeto adherido al Escudo de Privacidad.<\/p>\n<p>&nbsp;<\/p>\n<p>Este tipo de servicio permite la interacci\u00f3n con redes sociales u otras plataformas externas directamente desde las p\u00e1ginas de esta Aplicaci\u00f3n.<br \/>\nLas interacciones y la informaci\u00f3n adquirida por esta Aplicaci\u00f3n est\u00e1n en cualquier caso sujetas a la configuraci\u00f3n de privacidad del Usuario relacionada con cada red social.<br \/>\nEn el caso de que se instale un servicio de interacci\u00f3n con las redes sociales, es posible que, aunque los Usuarios no utilicen el servicio, este recoja datos de tr\u00e1fico relativos a las p\u00e1ginas en las que est\u00e1 instalado.<\/p>\n<h4 class=\"western\">Bot\u00f3n Me gusta y widgets sociales de Facebook (Facebook, Inc.)<\/h4>\n<p>El bot\u00f3n &#8220;Me gusta&#8221; y los widgets sociales de Facebook son servicios de interacci\u00f3n con la red social de Facebook, proporcionados por Facebook, Inc.<\/p>\n<p>Datos personales recopilados: cookies y datos de uso.<\/p>\n<p>Lugar de procesamiento: Estados Unidos &#8211;\u00a0<a href=\"https:\/\/translate.google.com\/website?sl=it&amp;tl=es&amp;u=https:\/\/www.facebook.com\/privacy\/explanation\" target=\"_blank\" rel=\"noopener noreferrer\">Pol\u00edtica de privacidad<\/a>\u00a0.\u00a0Sujeto adherido al Escudo de Privacidad.<\/p>\n<p>&nbsp;<\/p>\n<p>&nbsp;<\/p>\n<h3 class=\"western\">DERECHOS DEL USUARIO<\/h3>\n<p>Los usuarios pueden ejercer ciertos derechos con referencia a los datos procesados \u200b\u200bpor el controlador de datos.<\/p>\n<p>En particular, el Usuario tiene derecho a:<\/p>\n<ul>\n<li><b>retirar el consentimiento en cualquier momento.\u00a0<\/b>El Usuario puede revocar el consentimiento al tratamiento de sus Datos Personales expresado previamente.<\/li>\n<li><b>oponerse al tratamiento de sus datos<\/b>\u00a0El Usuario puede oponerse al tratamiento de sus datos cuando se produzca sobre una base legal distinta al consentimiento.\u00a0En la secci\u00f3n siguiente se indican m\u00e1s detalles sobre el derecho a oponerse.<\/li>\n<li><b>acceder a sus datos<\/b>\u00a0El Usuario tiene derecho a obtener informaci\u00f3n sobre los Datos tratados por el Responsable del Tratamiento, sobre determinados aspectos del tratamiento y a recibir una copia de los Datos tratados.<\/li>\n<li><b>verificar y solicitar rectificaci\u00f3n.\u00a0<\/b>El Usuario puede verificar la veracidad de sus Datos y solicitar su actualizaci\u00f3n o correcci\u00f3n.<\/li>\n<li><b>obtener la limitaci\u00f3n del tratamiento.\u00a0<\/b>Cuando se cumplan determinadas condiciones, el Usuario podr\u00e1 solicitar la limitaci\u00f3n del tratamiento de sus Datos, en cuyo caso el Responsable del Tratamiento no tratar\u00e1 los Datos para ning\u00fan otro fin que no sea su conservaci\u00f3n.<\/li>\n<li><b>obtener la cancelaci\u00f3n o eliminaci\u00f3n de sus Datos Personales.\u00a0<\/b>Cuando se cumplen determinadas condiciones, el Usuario puede solicitar la cancelaci\u00f3n de sus Datos por parte del Titular.<\/li>\n<li><b>recibir sus datos o transferirlos a otro propietario.\u00a0<\/b>El Usuario tiene derecho a recibir sus Datos en un formato estructurado, de uso com\u00fan y legible por un dispositivo autom\u00e1tico y, cuando sea t\u00e9cnicamente factible, a obtener la transferencia sin obst\u00e1culos a otro titular.\u00a0Esta disposici\u00f3n es aplicable cuando los Datos se procesan con herramientas automatizadas y el procesamiento se basa en el consentimiento del Usuario, en un contrato en el que el Usuario es parte o en medidas contractuales relacionadas con \u00e9l.<\/li>\n<li><b>proponer una denuncia.\u00a0<\/b>El Usuario puede presentar una reclamaci\u00f3n ante la autoridad supervisora \u200b\u200bde protecci\u00f3n de datos personales competente o actuar ante los tribunales.<\/li>\n<\/ul>\n<h3 class=\"western\">DETALLES SOBRE EL DERECHO A OPONERSE<\/h3>\n<p>Cuando los datos personales se procesan en inter\u00e9s p\u00fablico, en el ejercicio de la autoridad p\u00fablica conferida al controlador de datos o para perseguir un inter\u00e9s leg\u00edtimo del controlador de datos, los usuarios tienen derecho a oponerse al procesamiento por razones relacionadas con su situaci\u00f3n particular.<\/p>\n<p>Se recuerda a los usuarios que, si sus datos se procesan con fines de marketing directo, pueden oponerse al procesamiento sin proporcionar ning\u00fan motivo.\u00a0Para saber si el controlador de datos procesa datos con fines de marketing directo, los usuarios pueden consultar las secciones respectivas de este documento.<\/p>\n<h3 class=\"western\">C\u00d3MO EJERCER SUS DERECHOS<\/h3>\n<p>Para ejercer los derechos del Usuario, los Usuarios pueden dirigir una solicitud a los datos de contacto del Titular indicados en este documento.\u00a0Las solicitudes se presentan de forma gratuita y el controlador de datos las procesa lo antes posible, en cualquier caso, dentro de un mes.<\/p>\n<p>&nbsp;<\/p>\n<p>&nbsp;<\/p>\n<h3 class=\"western\">M\u00c1S INFORMACI\u00d3N SOBRE EL TRATAMIENTO<\/h3>\n<h3 class=\"western\">DEFENSA EN LA CORTE<\/h3>\n<p>Los Datos Personales del Usuario pueden ser utilizados por el Propietario en los tribunales o en las etapas preparatorias para su eventual establecimiento para la defensa contra el abuso en el uso de esta Aplicaci\u00f3n o Servicios relacionados por parte del Usuario.<br \/>\nEl Usuario declara ser consciente de que el Titular puede verse obligado a divulgar los Datos por orden de las autoridades p\u00fablicas.<\/p>\n<h3 class=\"western\">INFORMACI\u00d3N ESPEC\u00cdFICA<\/h3>\n<p>A solicitud del Usuario, adem\u00e1s de la informaci\u00f3n contenida en esta pol\u00edtica de privacidad, esta Aplicaci\u00f3n puede proporcionar al Usuario informaci\u00f3n adicional y contextual sobre Servicios espec\u00edficos, o la recopilaci\u00f3n y procesamiento de Datos Personales.<\/p>\n<h3 class=\"western\">REGISTRO Y MANTENIMIENTO DEL SISTEMA<\/h3>\n<p>Para las necesidades relacionadas con la operaci\u00f3n y el mantenimiento, esta Aplicaci\u00f3n y cualquier servicio de terceros que utilice pueden recopilar registros del sistema, que son archivos que registran las interacciones y que tambi\u00e9n pueden contener datos personales, como la direcci\u00f3n IP del usuario.<\/p>\n<h3 class=\"western\">INFORMACI\u00d3N NO CONTENIDA EN ESTA POL\u00cdTICA<\/h3>\n<p>Se puede solicitar m\u00e1s informaci\u00f3n en relaci\u00f3n con el procesamiento de datos personales en cualquier momento al controlador de datos utilizando los datos de contacto.<\/p>\n<h3 class=\"western\">RESPUESTA A SOLICITUDES DE &#8220;NO REALIZAR SEGUIMIENTO&#8221;<\/h3>\n<p>Esta aplicaci\u00f3n no admite solicitudes de &#8220;No rastrear&#8221;.<br \/>\nPara saber si los servicios de terceros utilizados los respaldan, se invita al Usuario a consultar las respectivas pol\u00edticas de privacidad.<\/p>\n<h3 class=\"western\">CAMBIOS A ESTA POL\u00cdTICA DE PRIVACIDAD<\/h3>\n<p>El Controlador de datos se reserva el derecho de realizar cambios en esta pol\u00edtica de privacidad en cualquier momento informando a los Usuarios en esta p\u00e1gina y, si es posible, en esta Aplicaci\u00f3n, as\u00ed como, si es t\u00e9cnica y legalmente factible, enviando una notificaci\u00f3n a los Usuarios a trav\u00e9s de uno de los extremos.n\u00famero de contacto del controlador de datos.\u00a0Por lo tanto, consulte esta p\u00e1gina con regularidad, haciendo referencia a la fecha de la \u00faltima modificaci\u00f3n indicada en la parte inferior.<\/p>\n<p>Si los cambios se refieren a tratamientos cuya base legal es el consentimiento, el Controlador de datos recopilar\u00e1 nuevamente el consentimiento del Usuario, si es necesario.<\/p>\n<p>&nbsp;<\/p>\n<h3 class=\"western\">DEFINICIONES Y REFERENCIAS LEGALES<\/h3>\n<h4 class=\"western\">Datos personales (o datos)<\/h4>\n<p>Cualquier informaci\u00f3n que, directa o indirectamente, tambi\u00e9n en relaci\u00f3n con cualquier otra informaci\u00f3n, incluido un n\u00famero de identificaci\u00f3n personal, haga que una persona f\u00edsica sea identificada o identificable constituye un dato personal.<\/p>\n<h4 class=\"western\">Datos de uso<\/h4>\n<p>Esta es informaci\u00f3n recopilada autom\u00e1ticamente a trav\u00e9s de esta Aplicaci\u00f3n (incluso de aplicaciones de terceros integradas en esta Aplicaci\u00f3n), que incluye: direcciones IP o nombres de dominio de las computadoras utilizadas por el Usuario que se conecta con esta Aplicaci\u00f3n, direcciones en notaci\u00f3n URI (Identificador Uniforme de Recursos) , la hora de la solicitud, el m\u00e9todo utilizado para reenviar la solicitud al servidor, el tama\u00f1o del archivo obtenido en respuesta, el c\u00f3digo num\u00e9rico que indica el estado de la respuesta del servidor (exitosa, error, etc.) pa\u00eds de origen , las caracter\u00edsticas del navegador y sistema operativo utilizado por el visitante, las diversas connotaciones temporales de la visita (por ejemplo, el tiempo dedicado a cada p\u00e1gina) y los detalles del itinerario seguido dentro de la Aplicaci\u00f3n,con especial referencia a la secuencia de las p\u00e1ginas consultadas, a los par\u00e1metros relacionados con el sistema operativo y el entorno inform\u00e1tico del Usuario.<\/p>\n<h4 class=\"western\">Usuario<\/h4>\n<p>La persona que usa esta Aplicaci\u00f3n y que, a menos que se especifique lo contrario, coincide con el Interesado.<\/p>\n<h4 class=\"western\">Interesado<\/h4>\n<p>La persona f\u00edsica a la que se refieren los Datos Personales.<\/p>\n<h4 class=\"western\">Procesador de datos (o gerente)<\/h4>\n<p>La persona f\u00edsica, persona jur\u00eddica, administraci\u00f3n p\u00fablica y cualquier otro organismo que trate datos personales por cuenta del Responsable del tratamiento, tal y como se establece en esta pol\u00edtica de privacidad.<\/p>\n<h4 class=\"western\">Controlador de datos (o propietario)<\/h4>\n<p>La persona f\u00edsica o jur\u00eddica, autoridad p\u00fablica, servicio u otro organismo que, individualmente o junto con otros, determine las finalidades y medios del tratamiento de los datos personales y las herramientas adoptadas, incluidas las medidas de seguridad relativas al funcionamiento y uso de esta Aplicaci\u00f3n. .\u00a0El controlador de datos, a menos que se especifique lo contrario, es el propietario de esta aplicaci\u00f3n.<\/p>\n<h4 class=\"western\">Esta aplicaci\u00f3n<\/h4>\n<p>La herramienta de hardware o software a trav\u00e9s de la cual se recopilan y procesan los Datos Personales de los Usuarios.<\/p>\n<h4 class=\"western\">Servicio<\/h4>\n<p>El Servicio proporcionado por esta Aplicaci\u00f3n como se define en los t\u00e9rminos relativos (si est\u00e1n disponibles) en este sitio \/ aplicaci\u00f3n.<\/p>\n<h4 class=\"western\">Uni\u00f3n Europea (o UE)<\/h4>\n<p>A menos que se especifique lo contrario, cualquier referencia a la Uni\u00f3n Europea contenida en este documento est\u00e1 destinada a extenderse a todos los estados miembros actuales de la Uni\u00f3n Europea y el Espacio Econ\u00f3mico Europeo.<\/p>\n<h4 class=\"western\">Galletas<\/h4>\n<p>Peque\u00f1a porci\u00f3n de datos almacenados en el dispositivo del usuario.<\/p>\n<hr \/>\n<h4 class=\"western\">Referencias legales<\/h4>\n<p>Esta declaraci\u00f3n de privacidad se elabora sobre la base de m\u00faltiples sistemas legislativos, incluidos los art\u00edculos.\u00a013 y 14 del Reglamento (UE) 2016\/679.<\/p>\n<p>A menos que se especifique lo contrario, esta declaraci\u00f3n de privacidad solo concierne a esta Aplicaci\u00f3n.<\/p>\n<\/div>\n<p>[\/vc_column_text][vc_empty_space height=&#8221;4em&#8221; alter_height=&#8221;none&#8221; hide_on_mobile=&#8221;&#8221; hide_on_desktop=&#8221;&#8221; hide_on_notebook=&#8221;&#8221; hide_on_tablet=&#8221;&#8221;][\/vc_column][\/vc_row]<\/p>\n<\/div>","protected":false},"excerpt":{"rendered":"<p>[vc_row hide_bg_image_on_tablet=&#8221;&#8221; hide_bg_image_on_mobile=&#8221;&#8221; css=&#8221;.vc_custom_1616149545929{padding-top: 35px !important;padding-bottom: 35px !important;}&#8221;][vc_column icons_position=&#8221;left&#8221;][vc_column_text] Esta declaraci\u00f3n de privacidad se elabora sobre la base de m\u00faltiples sistemas legislativos, incluidos los art\u00edculos.\u00a013 y 14 del Reglamento (UE) 2016\/679. CONTROLADOR DE DATOS QUATTRO G SRL &#8211; IVA: IT01208390433 &nbsp; PROCESADOR DE DATOS Y LUGAR DE ALMACENAMIENTO DE DATOS QUATTRO G SRL &#8211; IVA: [&hellip;]<\/p>\n","protected":false},"author":1,"featured_media":0,"parent":0,"menu_order":0,"comment_status":"closed","ping_status":"closed","template":"","meta":{"footnotes":""},"class_list":["post-588","page","type-page","status-publish","hentry"],"translation":{"provider":"WPGlobus","version":"3.0.0","language":"es","enabled_languages":["it","en","es"],"languages":{"it":{"title":true,"content":true,"excerpt":false},"en":{"title":true,"content":true,"excerpt":false},"es":{"title":true,"content":true,"excerpt":false}}},"yoast_head":"<!-- This site is optimized with the Yoast SEO plugin v25.2 - https:\/\/yoast.com\/wordpress\/plugins\/seo\/ -->\n<title>Privacy policy - Gusto Vivo Reale<\/title>\n<meta name=\"robots\" content=\"index, follow, max-snippet:-1, max-image-preview:large, max-video-preview:-1\" \/>\n<link rel=\"canonical\" href=\"https:\/\/www.gustovivoreale.it\/privacy-policy\/\" \/>\n<meta property=\"og:locale\" content=\"es_ES\" \/>\n<meta property=\"og:type\" content=\"article\" \/>\n<meta property=\"og:title\" content=\"Privacy policy - Gusto Vivo Reale\" \/>\n<meta property=\"og:url\" content=\"https:\/\/www.gustovivoreale.it\/privacy-policy\/\" \/>\n<meta property=\"og:site_name\" content=\"Gusto Vivo Reale\" \/>\n<meta property=\"article:modified_time\" content=\"2021-04-15T08:27:10+00:00\" \/>\n<meta name=\"twitter:card\" content=\"summary_large_image\" \/>\n<meta name=\"twitter:label1\" content=\"Est. reading time\" \/>\n\t<meta name=\"twitter:data1\" content=\"13 minutes\" \/>\n<script type=\"application\/ld+json\" class=\"yoast-schema-graph\">{\"@context\":\"https:\/\/schema.org\",\"@graph\":[{\"@type\":\"WebPage\",\"@id\":\"https:\/\/www.gustovivoreale.it\/privacy-policy\/\",\"url\":\"https:\/\/www.gustovivoreale.it\/privacy-policy\/\",\"name\":\"Privacy policy - Gusto Vivo Reale\",\"isPartOf\":{\"@id\":\"https:\/\/www.gustovivoreale.it\/#website\"},\"datePublished\":\"2018-07-27T08:02:00+00:00\",\"dateModified\":\"2021-04-15T08:27:10+00:00\",\"breadcrumb\":{\"@id\":\"https:\/\/www.gustovivoreale.it\/privacy-policy\/#breadcrumb\"},\"inLanguage\":\"es-ES\",\"potentialAction\":[{\"@type\":\"ReadAction\",\"target\":[\"https:\/\/www.gustovivoreale.it\/privacy-policy\/\"]}]},{\"@type\":\"BreadcrumbList\",\"@id\":\"https:\/\/www.gustovivoreale.it\/privacy-policy\/#breadcrumb\",\"itemListElement\":[{\"@type\":\"ListItem\",\"position\":1,\"name\":\"Home\",\"item\":\"https:\/\/www.gustovivoreale.it\/\"},{\"@type\":\"ListItem\",\"position\":2,\"name\":\"Privacy Policy\"}]},{\"@type\":\"WebSite\",\"@id\":\"https:\/\/www.gustovivoreale.it\/#website\",\"url\":\"https:\/\/www.gustovivoreale.it\/\",\"name\":\"Gusto Vivo Reale\",\"description\":\"Molluschi vivi, depurati e senza sabbia\",\"publisher\":{\"@id\":\"https:\/\/www.gustovivoreale.it\/#organization\"},\"potentialAction\":[{\"@type\":\"SearchAction\",\"target\":{\"@type\":\"EntryPoint\",\"urlTemplate\":\"https:\/\/www.gustovivoreale.it\/?s={search_term_string}\"},\"query-input\":{\"@type\":\"PropertyValueSpecification\",\"valueRequired\":true,\"valueName\":\"search_term_string\"}}],\"inLanguage\":\"es-ES\"},{\"@type\":\"Organization\",\"@id\":\"https:\/\/www.gustovivoreale.it\/#organization\",\"name\":\"Gusto Vivo Reale\",\"url\":\"https:\/\/www.gustovivoreale.it\/\",\"logo\":{\"@type\":\"ImageObject\",\"inLanguage\":\"es-ES\",\"@id\":\"https:\/\/www.gustovivoreale.it\/#\/schema\/logo\/image\/\",\"url\":\"https:\/\/www.gustovivoreale.it\/wp-content\/uploads\/2021\/03\/LOGO@2xgusto.png\",\"contentUrl\":\"https:\/\/www.gustovivoreale.it\/wp-content\/uploads\/2021\/03\/LOGO@2xgusto.png\",\"width\":688,\"height\":470,\"caption\":\"Gusto Vivo Reale\"},\"image\":{\"@id\":\"https:\/\/www.gustovivoreale.it\/#\/schema\/logo\/image\/\"}}]}<\/script>\n<!-- \/ Yoast SEO plugin. -->","yoast_head_json":{"title":"Privacy policy - Gusto Vivo Reale","robots":{"index":"index","follow":"follow","max-snippet":"max-snippet:-1","max-image-preview":"max-image-preview:large","max-video-preview":"max-video-preview:-1"},"canonical":"https:\/\/www.gustovivoreale.it\/privacy-policy\/","og_locale":"es_ES","og_type":"article","og_title":"Privacy policy - Gusto Vivo Reale","og_url":"https:\/\/www.gustovivoreale.it\/privacy-policy\/","og_site_name":"Gusto Vivo Reale","article_modified_time":"2021-04-15T08:27:10+00:00","twitter_card":"summary_large_image","twitter_misc":{"Est. reading time":"13 minutes"},"schema":{"@context":"https:\/\/schema.org","@graph":[{"@type":"WebPage","@id":"https:\/\/www.gustovivoreale.it\/privacy-policy\/","url":"https:\/\/www.gustovivoreale.it\/privacy-policy\/","name":"Privacy policy - Gusto Vivo Reale","isPartOf":{"@id":"https:\/\/www.gustovivoreale.it\/#website"},"datePublished":"2018-07-27T08:02:00+00:00","dateModified":"2021-04-15T08:27:10+00:00","breadcrumb":{"@id":"https:\/\/www.gustovivoreale.it\/privacy-policy\/#breadcrumb"},"inLanguage":"es-ES","potentialAction":[{"@type":"ReadAction","target":["https:\/\/www.gustovivoreale.it\/privacy-policy\/"]}]},{"@type":"BreadcrumbList","@id":"https:\/\/www.gustovivoreale.it\/privacy-policy\/#breadcrumb","itemListElement":[{"@type":"ListItem","position":1,"name":"Home","item":"https:\/\/www.gustovivoreale.it\/"},{"@type":"ListItem","position":2,"name":"Privacy Policy"}]},{"@type":"WebSite","@id":"https:\/\/www.gustovivoreale.it\/#website","url":"https:\/\/www.gustovivoreale.it\/","name":"Gusto Vivo Reale","description":"Molluschi vivi, depurati e senza sabbia","publisher":{"@id":"https:\/\/www.gustovivoreale.it\/#organization"},"potentialAction":[{"@type":"SearchAction","target":{"@type":"EntryPoint","urlTemplate":"https:\/\/www.gustovivoreale.it\/?s={search_term_string}"},"query-input":{"@type":"PropertyValueSpecification","valueRequired":true,"valueName":"search_term_string"}}],"inLanguage":"es-ES"},{"@type":"Organization","@id":"https:\/\/www.gustovivoreale.it\/#organization","name":"Gusto Vivo Reale","url":"https:\/\/www.gustovivoreale.it\/","logo":{"@type":"ImageObject","inLanguage":"es-ES","@id":"https:\/\/www.gustovivoreale.it\/#\/schema\/logo\/image\/","url":"https:\/\/www.gustovivoreale.it\/wp-content\/uploads\/2021\/03\/LOGO@2xgusto.png","contentUrl":"https:\/\/www.gustovivoreale.it\/wp-content\/uploads\/2021\/03\/LOGO@2xgusto.png","width":688,"height":470,"caption":"Gusto Vivo Reale"},"image":{"@id":"https:\/\/www.gustovivoreale.it\/#\/schema\/logo\/image\/"}}]}},"_links":{"self":[{"href":"https:\/\/www.gustovivoreale.it\/es\/wp-json\/wp\/v2\/pages\/588","targetHints":{"allow":["GET"]}}],"collection":[{"href":"https:\/\/www.gustovivoreale.it\/es\/wp-json\/wp\/v2\/pages"}],"about":[{"href":"https:\/\/www.gustovivoreale.it\/es\/wp-json\/wp\/v2\/types\/page"}],"author":[{"embeddable":true,"href":"https:\/\/www.gustovivoreale.it\/es\/wp-json\/wp\/v2\/users\/1"}],"replies":[{"embeddable":true,"href":"https:\/\/www.gustovivoreale.it\/es\/wp-json\/wp\/v2\/comments?post=588"}],"version-history":[{"count":14,"href":"https:\/\/www.gustovivoreale.it\/es\/wp-json\/wp\/v2\/pages\/588\/revisions"}],"predecessor-version":[{"id":1332,"href":"https:\/\/www.gustovivoreale.it\/es\/wp-json\/wp\/v2\/pages\/588\/revisions\/1332"}],"wp:attachment":[{"href":"https:\/\/www.gustovivoreale.it\/es\/wp-json\/wp\/v2\/media?parent=588"}],"curies":[{"name":"wp","href":"https:\/\/api.w.org\/{rel}","templated":true}]}}